{"id":410,"date":"2019-04-10T08:47:09","date_gmt":"2019-04-10T06:47:09","guid":{"rendered":"http:\/\/www.maures-developpement.fr\/?page_id=410"},"modified":"2021-04-16T00:55:04","modified_gmt":"2021-04-15T22:55:04","slug":"feuille-de-route","status":"publish","type":"page","link":"http:\/\/www.maures-developpement.fr\/index.php\/feuille-de-route\/","title":{"rendered":"Notre feuille de route"},"content":{"rendered":"\t\t<div data-elementor-type=\"wp-post\" data-elementor-id=\"410\" class=\"elementor elementor-410\" data-elementor-settings=\"[]\">\n\t\t\t\t\t\t<div class=\"elementor-inner\">\n\t\t\t\t\t\t\t<div class=\"elementor-section-wrap\">\n\t\t\t\t\t\t\t<section class=\"elementor-section elementor-top-section elementor-element elementor-element-ce2d986 elementor-section-boxed elementor-section-height-default elementor-section-height-default\" data-id=\"ce2d986\" data-element_type=\"section\">\n\t\t\t\t\t\t<div class=\"elementor-container elementor-column-gap-default\">\n\t\t\t\t\t\t\t<div class=\"elementor-row\">\n\t\t\t\t\t<div class=\"elementor-column elementor-col-100 elementor-top-column elementor-element elementor-element-c1a8856\" data-id=\"c1a8856\" data-element_type=\"column\">\n\t\t\t<div class=\"elementor-column-wrap elementor-element-populated\">\n\t\t\t\t\t\t\t<div class=\"elementor-widget-wrap\">\n\t\t\t\t\t\t<div class=\"elementor-element elementor-element-b3b1082 elementor-widget elementor-widget-text-editor\" data-id=\"b3b1082\" data-element_type=\"widget\" data-widget_type=\"text-editor.default\">\n\t\t\t\t<div class=\"elementor-widget-container\">\n\t\t\t\t\t<div class=\"elementor-text-editor elementor-clearfix\"><p style=\"text-align: center;\"><strong>Nous devons veiller au strict respect du cahier des charges de l&rsquo;UNESCO<\/strong><\/p>\n<p><strong><span style=\"text-decoration: underline;\">Notre projet de territoire<\/span> :<\/strong><\/p>\n<ul>\n<li>Pr\u00e9servation des massifs par leur revitalisation.<\/li>\n<li>Elaboration d&rsquo;un projet de d\u00e9veloppement \u00e9conomique liant solidairement la mer, le littoral, les for\u00eats et les espaces agricoles.<\/li>\n<li>Production d&rsquo;un tourisme des 4 saisons, fond\u00e9 tout autant sur la nature, les patrimoines, les cultures et les modes de vie que sur le commerce baln\u00e9aire estival.<\/li>\n<li>Inventaire et mise en valeur des nombreux sites d&rsquo;int\u00e9r\u00eat scientifique du territoire et relev\u00e9 de ses ressources hydriques, g\u00e9othermiques et hydromin\u00e9ralogiques, en particulier.<\/li>\n<li>D\u00e9veloppement des formations des Jeunes aux Sciences de la terre et de l&rsquo;Homme dans son environnement (du primaire \u00e0 l&rsquo;universit\u00e9).<\/li>\n<\/ul>\n<p style=\"text-align: center;\"><strong>L&rsquo;objectif: r\u00e9aliser, dans les 2 ann\u00e9es \u00e0 venir, une pr\u00e9figuration d&rsquo;un G\u00e9oparc Maures-Est\u00e9rel qui pr\u00e9c\u00e8dera notre candidature <\/strong><strong>\u00e0 l&rsquo;UNESCO.<\/strong><\/p>\n<p><strong><span style=\"text-decoration: underline;\">Nos travaux en cours<\/span> :<\/strong><\/p>\n<ul>\n<li>C&rsquo;est sur les conseils d&rsquo;experts scientifiques qu&rsquo;en 2011, notre association a choisi de les consacrer \u00e0 une candidature\u00ab G\u00e9oparc Maures-Est\u00e9rel \u00bb<\/li>\n<li>Ce dossier a \u00e9t\u00e9 activement relanc\u00e9 en novembre 2017.<\/li>\n<li>Depuis,\n<ul>\n<li>Informations et mobilisation des populations et acteurs du territoire sur notre objectif et nos motivations&nbsp; (campagnes de communication et d&rsquo;adh\u00e9sions, conf\u00e9rences, expositions&#8230;).<\/li>\n<li>Collaboration avec des scientifiques et conventions avec les Universit\u00e9s de Nice \/ Sophia-Antipolis, le CNRS et l&rsquo;Observatoire de la C\u00f4te d&rsquo;Azur ainsi qu&rsquo;avec l&rsquo;Universit\u00e9 de Toulon\/La Garde.<\/li>\n<li>Cr\u00e9ation du \u00ab Conseil d&rsquo;Orientation Scientifique et Culturel \u00bb (COSC)<\/li>\n<\/ul>\n<\/li>\n<\/ul>\n<p style=\"text-align: center;\"><strong>La poursuite de nos travaux, conform\u00e9ment au programme fix\u00e9, n\u00e9cessitera des partenariats avec le monde de l&rsquo;entreprise<\/strong><\/p><\/div>\n\t\t\t\t<\/div>\n\t\t\t\t<\/div>\n\t\t\t\t\t\t<\/div>\n\t\t\t\t\t<\/div>\n\t\t<\/div>\n\t\t\t\t\t\t\t\t<\/div>\n\t\t\t\t\t<\/div>\n\t\t<\/section>\n\t\t\t\t\t\t<\/div>\n\t\t\t\t\t\t<\/div>\n\t\t\t\t\t<\/div>\n\t\t","protected":false},"excerpt":{"rendered":"<p>&#46;&#46;&#46;<\/p>\n","protected":false},"author":1,"featured_media":0,"parent":0,"menu_order":0,"comment_status":"closed","ping_status":"closed","template":"","meta":[],"_links":{"self":[{"href":"http:\/\/www.maures-developpement.fr\/index.php\/wp-json\/wp\/v2\/pages\/410"}],"collection":[{"href":"http:\/\/www.maures-developpement.fr\/index.php\/wp-json\/wp\/v2\/pages"}],"about":[{"href":"http:\/\/www.maures-developpement.fr\/index.php\/wp-json\/wp\/v2\/types\/page"}],"author":[{"embeddable":true,"href":"http:\/\/www.maures-developpement.fr\/index.php\/wp-json\/wp\/v2\/users\/1"}],"replies":[{"embeddable":true,"href":"http:\/\/www.maures-developpement.fr\/index.php\/wp-json\/wp\/v2\/comments?post=410"}],"version-history":[{"count":12,"href":"http:\/\/www.maures-developpement.fr\/index.php\/wp-json\/wp\/v2\/pages\/410\/revisions"}],"predecessor-version":[{"id":2371,"href":"http:\/\/www.maures-developpement.fr\/index.php\/wp-json\/wp\/v2\/pages\/410\/revisions\/2371"}],"wp:attachment":[{"href":"http:\/\/www.maures-developpement.fr\/index.php\/wp-json\/wp\/v2\/media?parent=410"}],"curies":[{"name":"wp","href":"https:\/\/api.w.org\/{rel}","templated":true}]}}