{"id":144,"date":"2018-12-08T23:12:44","date_gmt":"2018-12-08T22:12:44","guid":{"rendered":"http:\/\/127.0.0.1\/my%20portable%20files\/Maures_developpement\/?page_id=144"},"modified":"2021-04-16T00:53:16","modified_gmt":"2021-04-15T22:53:16","slug":"historique","status":"publish","type":"page","link":"http:\/\/www.maures-developpement.fr\/index.php\/historique\/","title":{"rendered":"L&rsquo;historique"},"content":{"rendered":"\t\t<div data-elementor-type=\"wp-post\" data-elementor-id=\"144\" class=\"elementor elementor-144\" data-elementor-settings=\"[]\">\n\t\t\t\t\t\t<div class=\"elementor-inner\">\n\t\t\t\t\t\t\t<div class=\"elementor-section-wrap\">\n\t\t\t\t\t\t\t<section class=\"elementor-section elementor-top-section elementor-element elementor-element-e2a1f15 elementor-section-boxed elementor-section-height-default elementor-section-height-default\" data-id=\"e2a1f15\" data-element_type=\"section\">\n\t\t\t\t\t\t<div class=\"elementor-container elementor-column-gap-default\">\n\t\t\t\t\t\t\t<div class=\"elementor-row\">\n\t\t\t\t\t<div class=\"elementor-column elementor-col-100 elementor-top-column elementor-element elementor-element-710e449\" data-id=\"710e449\" data-element_type=\"column\">\n\t\t\t<div class=\"elementor-column-wrap elementor-element-populated\">\n\t\t\t\t\t\t\t<div class=\"elementor-widget-wrap\">\n\t\t\t\t\t\t<div class=\"elementor-element elementor-element-44f8b56 elementor-widget elementor-widget-text-editor\" data-id=\"44f8b56\" data-element_type=\"widget\" data-widget_type=\"text-editor.default\">\n\t\t\t\t<div class=\"elementor-widget-container\">\n\t\t\t\t\t<div class=\"elementor-text-editor elementor-clearfix\"><p><strong><em>C&rsquo;est l&rsquo;absence de \u00ab\u00a0prise en compte\u00a0\u00bb, au cours des ann\u00e9es 90, dans les programmes d&rsquo;am\u00e9nagement des territoires du Var, des particularit\u00e9s et de l&rsquo;identit\u00e9 de celui des Maures, qui a amen\u00e9 les \u00e9lus du Golfe de Saint Tropez et ceux du Centre Var, \u00e0 solliciter en 2000, la cr\u00e9ation d&rsquo;un \u00ab\u00a0Pays des Maures\u00a0\u00bb, comme les y autorisaient les lois d&rsquo;am\u00e9nagement et de d\u00e9veloppement, Pasqua en 1995 et Voynet en 1999.<\/em><\/strong><\/p>\n<p><strong><em>Cette d\u00e9marche n&rsquo;ayant pas abouti, c&rsquo;est toujours avec la m\u00eame volont\u00e9 de reconnaissance et de mise en valeur de ce territoire des Maures, repr\u00e9sentant le quart de la superficie du d\u00e9partement du Var, que notre Association \u00e0, par la suite, orient\u00e9 ses travaux vers un projet de candidature, \u00e0 un label \u00ab\u00a0UNESCO-GEOPARC \/ Maures-Est\u00e9rel\u00a0\u00bb.<\/em><\/strong><\/p><\/div>\n\t\t\t\t<\/div>\n\t\t\t\t<\/div>\n\t\t\t\t\t\t<\/div>\n\t\t\t\t\t<\/div>\n\t\t<\/div>\n\t\t\t\t\t\t\t\t<\/div>\n\t\t\t\t\t<\/div>\n\t\t<\/section>\n\t\t\t\t<section class=\"elementor-section elementor-top-section elementor-element elementor-element-d05266a elementor-section-boxed elementor-section-height-default elementor-section-height-default\" data-id=\"d05266a\" data-element_type=\"section\">\n\t\t\t\t\t\t<div class=\"elementor-container elementor-column-gap-default\">\n\t\t\t\t\t\t\t<div class=\"elementor-row\">\n\t\t\t\t\t<div class=\"elementor-column elementor-col-100 elementor-top-column elementor-element elementor-element-55e3cfc\" data-id=\"55e3cfc\" data-element_type=\"column\">\n\t\t\t<div class=\"elementor-column-wrap elementor-element-populated\">\n\t\t\t\t\t\t\t<div class=\"elementor-widget-wrap\">\n\t\t\t\t\t\t<div class=\"elementor-element elementor-element-37fd453 elementor-widget elementor-widget-html\" data-id=\"37fd453\" data-element_type=\"widget\" data-widget_type=\"html.default\">\n\t\t\t\t<div class=\"elementor-widget-container\">\n\t\t\t<hr\/>\t\t<\/div>\n\t\t\t\t<\/div>\n\t\t\t\t\t\t<\/div>\n\t\t\t\t\t<\/div>\n\t\t<\/div>\n\t\t\t\t\t\t\t\t<\/div>\n\t\t\t\t\t<\/div>\n\t\t<\/section>\n\t\t\t\t<section class=\"elementor-section elementor-top-section elementor-element elementor-element-35b83f5 elementor-section-boxed elementor-section-height-default elementor-section-height-default\" data-id=\"35b83f5\" data-element_type=\"section\">\n\t\t\t\t\t\t<div class=\"elementor-container elementor-column-gap-default\">\n\t\t\t\t\t\t\t<div class=\"elementor-row\">\n\t\t\t\t\t<div class=\"elementor-column elementor-col-100 elementor-top-column elementor-element elementor-element-8d32240\" data-id=\"8d32240\" data-element_type=\"column\">\n\t\t\t<div class=\"elementor-column-wrap elementor-element-populated\">\n\t\t\t\t\t\t\t<div class=\"elementor-widget-wrap\">\n\t\t\t\t\t\t<div class=\"elementor-element elementor-element-87a32fc elementor-widget elementor-widget-text-editor\" data-id=\"87a32fc\" data-element_type=\"widget\" data-widget_type=\"text-editor.default\">\n\t\t\t\t<div class=\"elementor-widget-container\">\n\t\t\t\t\t<div class=\"elementor-text-editor elementor-clearfix\"><p>Retour sur les diff\u00e9rentes \u00e9tapes de ce projet et rappel des faits qui en ont marqu\u00e9 l&rsquo;\u00e9volution, au fil des ann\u00e9es \u00e9coul\u00e9es.<\/p><p>Cet historique est pr\u00e9sent\u00e9 ici, par p\u00e9riodes successives depuis 1995 et jusqu&rsquo;en 2017, ann\u00e9e de suspension de ce dossier, du fait de la fin du mandat parlementaire de <strong>Jean Michel Couve<\/strong>, Pr\u00e9sident de \u00ab\u00a0<strong>Maures D\u00e9veloppement Durable<\/strong>\u00bb\u00a0.<\/p><p>La suite des actions conduites par l&rsquo;association M.D.D depuis la relance du dossier de candidature \u00ab\u00a0UNESCO-GEOPARC \/Maures-Est\u00e9rel \u00bb\u00a0, en novembre 2017, jusqu&rsquo;\u00e0 ce jour, est publi\u00e9e \u00e0 la rubrique \u00ab <strong>ACTUALIT\u00c9S <\/strong>\u00bb\u00a0.<\/p><\/div>\n\t\t\t\t<\/div>\n\t\t\t\t<\/div>\n\t\t\t\t\t\t<\/div>\n\t\t\t\t\t<\/div>\n\t\t<\/div>\n\t\t\t\t\t\t\t\t<\/div>\n\t\t\t\t\t<\/div>\n\t\t<\/section>\n\t\t\t\t<section class=\"elementor-section elementor-top-section elementor-element elementor-element-9a1ee2e elementor-section-boxed elementor-section-height-default elementor-section-height-default\" data-id=\"9a1ee2e\" data-element_type=\"section\">\n\t\t\t\t\t\t<div class=\"elementor-container elementor-column-gap-default\">\n\t\t\t\t\t\t\t<div class=\"elementor-row\">\n\t\t\t\t\t<div class=\"elementor-column elementor-col-100 elementor-top-column elementor-element elementor-element-11d34e7\" data-id=\"11d34e7\" data-element_type=\"column\">\n\t\t\t<div class=\"elementor-column-wrap elementor-element-populated\">\n\t\t\t\t\t\t\t<div class=\"elementor-widget-wrap\">\n\t\t\t\t\t\t<div class=\"elementor-element elementor-element-465705b elementor-widget elementor-widget-accordion\" data-id=\"465705b\" data-element_type=\"widget\" data-widget_type=\"accordion.default\">\n\t\t\t\t<div class=\"elementor-widget-container\">\n\t\t\t\t\t<div class=\"elementor-accordion\" role=\"tablist\">\n\t\t\t\t\t\t\t<div class=\"elementor-accordion-item\">\n\t\t\t\t\t<div id=\"elementor-tab-title-7371\" class=\"elementor-tab-title\" data-tab=\"1\" role=\"tab\" aria-controls=\"elementor-tab-content-7371\" aria-expanded=\"false\">\n\t\t\t\t\t\t\t\t\t\t\t\t\t<span class=\"elementor-accordion-icon elementor-accordion-icon-left\" aria-hidden=\"true\">\n\t\t\t\t\t\t\t\t\t\t\t\t\t\t\t<span class=\"elementor-accordion-icon-closed\"><i class=\"fas fa-plus\"><\/i><\/span>\n\t\t\t\t\t\t\t\t<span class=\"elementor-accordion-icon-opened\"><i class=\"fas fa-minus\"><\/i><\/span>\n\t\t\t\t\t\t\t\t\t\t\t\t\t\t<\/span>\n\t\t\t\t\t\t\t\t\t\t\t\t<a class=\"elementor-accordion-title\" href=\"\">de 1995 \u00e0 2000 : <strong>De l'am\u00e9nagement du territoire du Golfe de Saint Tropez \u00e0 celui du territoire des Maures<\/strong><\/a>\n\t\t\t\t\t<\/div>\n\t\t\t\t\t<div id=\"elementor-tab-content-7371\" class=\"elementor-tab-content elementor-clearfix\" data-tab=\"1\" role=\"tabpanel\" aria-labelledby=\"elementor-tab-title-7371\"><p><strong><span style=\"text-decoration: underline;\">1995<\/span> :<\/strong><br \/>&#8211; Cr\u00e9ation du <strong> \u00ab Comit\u00e9 des \u00e9lus pour l&rsquo;am\u00e9nagement du territoire du Golfe de Saint Tropez<\/strong> <strong>\u00bb<\/strong>(CEAT) pr\u00e9sid\u00e9 par <strong>JM Couve<\/strong>, D\u00e9put\u00e9 Maire de Saint Tropez et regroupant 12 Communes.<br \/>&#8211; Mise en oeuvre par le CEAT, du sch\u00e9ma directeur puis du <strong> \u00ab <\/strong><strong>Sch\u00e9ma de coh\u00e9rence territoriale du Golfe de Saint Tropez<\/strong> <strong>\u00a0\u00bb<\/strong>. Il sera ex\u00e9cutoire en 2006.<\/p><p><strong><span style=\"text-decoration: underline;\">1997<\/span> : Arr\u00eat\u00e9 de cr\u00e9ation par le Minist\u00e8re de l&rsquo;environnement, du \u00ab Projet d&rsquo;int\u00e9r\u00eat g\u00e9n\u00e9ral de la plaine des Maures \u00bb<\/strong> (PIG) qui conditionne toute r\u00e9alisation \u00e0 l&rsquo;adoption d&rsquo;un projet d&rsquo;am\u00e9nagement territorial d&rsquo;ensemble.<\/p><p><strong><span style=\"text-decoration: underline;\">1998<\/span> :<\/strong> Le CEAT et la ville d&rsquo;Hy\u00e8res informent la DATAR de leur souhait commun de se constituer en <strong>\u00ab<\/strong> Pays<strong>\u00a0\u00bb<\/strong>.<\/p><p><strong><span style=\"text-decoration: underline;\">1999<\/span> :<\/strong> <strong>R\u00e9union du Conseil \u00e9conomique et social r\u00e9gional, \u00e0 Saint Tropez : \u00ab A la rencontre du Pays des Maures\u00a0\u00bb<\/strong> <a class=\"lienExterieur\" href=\"..\/..\/documents\/CES_19990610.pdf\" target=\"_blank\" rel=\"noopener\"><img loading=\"lazy\" class=\"alignnone size-full wp-image-259\" src=\"http:\/\/www.maures-developpement.fr\/wp-content\/uploads\/2019\/02\/icone_pdf.gif\" alt=\"\" width=\"20\" height=\"20\" \/><\/a><\/p><p><strong><span style=\"text-decoration: underline;\">2000<\/span> :<\/strong><br \/><strong>Avril : Collobri\u00e8res<\/strong> : Installation du Comit\u00e9 de Pr\u00e9figuration du Pays\/ d\u00e9finition du projet de d\u00e9veloppement <a class=\"lienExterieur\" href=\"..\/..\/documents\/DefProjet_20000426.pdf\" target=\"_blank\" rel=\"noopener\"><img loading=\"lazy\" class=\"alignnone size-full wp-image-259\" src=\"http:\/\/www.maures-developpement.fr\/wp-content\/uploads\/2019\/02\/icone_pdf.gif\" alt=\"\" width=\"20\" height=\"20\" \/><\/a><br \/><strong>Mai : Projet de statut pour APPM<\/strong> <a class=\"lienExterieur\" href=\"..\/..\/documents\/Statuts_20000531.pdf\" target=\"_blank\" rel=\"noopener\"><img loading=\"lazy\" class=\"alignnone size-full wp-image-259\" src=\"http:\/\/www.maures-developpement.fr\/wp-content\/uploads\/2019\/02\/icone_pdf.gif\" alt=\"\" width=\"20\" height=\"20\" \/><\/a><br \/><strong>Juin, \u00e0 La Garde Freinet :<\/strong> pr\u00e9paration de la saisine au Pr\u00e9fet de R\u00e9gion <a class=\"lienExterieur\" href=\"..\/..\/documents\/RT_20000616.pdf\" target=\"_blank\" rel=\"noopener\"><img loading=\"lazy\" class=\"alignnone size-full wp-image-259\" src=\"http:\/\/www.maures-developpement.fr\/wp-content\/uploads\/2019\/02\/icone_pdf.gif\" alt=\"\" width=\"20\" height=\"20\" \/><\/a><br \/><strong>19 juillet :<\/strong> Assembl\u00e9e G\u00e9n\u00e9rale Constitutive : cr\u00e9ation de <strong>l&rsquo; \u00ab association de pr\u00e9figuration du Pays des Maures (APPM)\u00a0\u00a0\u00bb<\/strong> <a class=\"lienExterieur\" href=\"..\/..\/documents\/001907 PV AG.pdf\" target=\"_blank\" rel=\"noopener\"><img loading=\"lazy\" class=\"alignnone size-full wp-image-259\" src=\"http:\/\/www.maures-developpement.fr\/wp-content\/uploads\/2019\/02\/icone_pdf.gif\" alt=\"\" width=\"20\" height=\"20\" \/><\/a><\/p><\/div>\n\t\t\t\t<\/div>\n\t\t\t\t\t\t\t<div class=\"elementor-accordion-item\">\n\t\t\t\t\t<div id=\"elementor-tab-title-7372\" class=\"elementor-tab-title\" data-tab=\"2\" role=\"tab\" aria-controls=\"elementor-tab-content-7372\" aria-expanded=\"false\">\n\t\t\t\t\t\t\t\t\t\t\t\t\t<span class=\"elementor-accordion-icon elementor-accordion-icon-left\" aria-hidden=\"true\">\n\t\t\t\t\t\t\t\t\t\t\t\t\t\t\t<span class=\"elementor-accordion-icon-closed\"><i class=\"fas fa-plus\"><\/i><\/span>\n\t\t\t\t\t\t\t\t<span class=\"elementor-accordion-icon-opened\"><i class=\"fas fa-minus\"><\/i><\/span>\n\t\t\t\t\t\t\t\t\t\t\t\t\t\t<\/span>\n\t\t\t\t\t\t\t\t\t\t\t\t<a class=\"elementor-accordion-title\" href=\"\">2001 - 2010 : De l'\u00ab <strong>Association de pr\u00e9figuration du Pays des Maures \u00bb, \u00e0 \u00ab l'Association pour un Projet de D\u00e9veloppement Durable du Territoire des Maures \u00bb (APDDTM)<\/strong><\/a>\n\t\t\t\t\t<\/div>\n\t\t\t\t\t<div id=\"elementor-tab-content-7372\" class=\"elementor-tab-content elementor-clearfix\" data-tab=\"2\" role=\"tabpanel\" aria-labelledby=\"elementor-tab-title-7372\"><p><span style=\"text-decoration: underline;\"><strong>2001<\/strong> <\/span>: Cr\u00e9ation des agglom\u00e9rations TPM (Toulon) et CAD (Drac\u00e9nie). Hy\u00e8res rejoint TPM et Vidauban rejoint la CAD. De ce fait, le p\u00e9rim\u00e8tre d&rsquo;\u00e9tudes d&rsquo;APPM se r\u00e9duit au Golfe de Saint Tropez et \u00e0 Coeur du Var.<br><strong>12\/02<\/strong> : <strong>Assembl\u00e9e G\u00e9n\u00e9rale Ordinaire<\/strong> \u00e0 Bormes (fonctionnement de l&rsquo;association et approfondissement du projet de Pays) <a class=\"lienExterieur\" href=\"..\/..\/documents\/011202 PV AGO.pdf\" target=\"_blank\" rel=\"noopener\"><img loading=\"lazy\" class=\"alignnone size-full wp-image-259\" src=\"http:\/\/www.maures-developpement.fr\/wp-content\/uploads\/2019\/02\/icone_pdf.gif\" alt=\"\" width=\"20\" height=\"20\"><\/a><br><strong>03\/05<\/strong> : <strong>Assembl\u00e9e G\u00e9n\u00e9rale Ordinaire<\/strong> <a class=\"lienExterieur\" href=\"..\/..\/documents\/010305 PV AGO.pdf\" target=\"_blank\" rel=\"noopener\"><img loading=\"lazy\" class=\"alignnone size-full wp-image-259\" src=\"http:\/\/www.maures-developpement.fr\/wp-content\/uploads\/2019\/02\/icone_pdf.gif\" alt=\"\" width=\"20\" height=\"20\"><\/a><br><strong>09\/11<\/strong> : <strong>Assembl\u00e9e G\u00e9n\u00e9rale Ordinaire<\/strong> <a class=\"lienExterieur\" href=\"..\/..\/documents\/010911 PV AGO.pdf\" target=\"_blank\" rel=\"noopener\"><img loading=\"lazy\" class=\"alignnone size-full wp-image-259\" src=\"http:\/\/www.maures-developpement.fr\/wp-content\/uploads\/2019\/02\/icone_pdf.gif\" alt=\"\" width=\"20\" height=\"20\"><\/a><br><strong>29\/11<\/strong> : <strong>Assembl\u00e9e G\u00e9n\u00e9rale Ordinaire<\/strong> <a class=\"lienExterieur\" href=\"..\/..\/documents\/012911 PV AGE.pdf\" target=\"_blank\" rel=\"noopener\"><img loading=\"lazy\" class=\"alignnone size-full wp-image-259\" src=\"http:\/\/www.maures-developpement.fr\/wp-content\/uploads\/2019\/02\/icone_pdf.gif\" alt=\"\" width=\"20\" height=\"20\"><\/a><\/p>\n<p><span style=\"text-decoration: underline;\"><strong>2002<\/strong> <\/span>:<br><strong>12\/04<\/strong> : <strong>Assembl\u00e9e G\u00e9n\u00e9rale Ordinaire<\/strong> \u00e0 Besse sur Issole (avancement du dossier, d\u00e9finition du p\u00e9rim\u00e8tre d&rsquo;\u00e9tude) <a class=\"lienExterieur\" href=\"..\/..\/documents\/021204 PV AGO.pdf\" target=\"_blank\" rel=\"noopener\"><img loading=\"lazy\" class=\"alignnone size-full wp-image-259\" src=\"http:\/\/www.maures-developpement.fr\/wp-content\/uploads\/2019\/02\/icone_pdf.gif\" alt=\"\" width=\"20\" height=\"20\"><\/a><\/p>\n<p><span style=\"text-decoration: underline;\"><strong>2003<\/strong> <\/span>:<br><strong>Septembre<\/strong> : Suite aux graves incendies de l&rsquo;\u00e9t\u00e9, r\u00e9union du <strong>\u00ab <\/strong><span style=\"text-decoration: underline;\"><strong>Comit\u00e9 de pilotage de la reconstitution \u00e9cologique du massif des Maures<\/strong><\/span>&nbsp;<strong>\u00bb<\/strong> en pr\u00e9sence des repr\u00e9sentants des Minist\u00e8res de l&rsquo;environnement, de l&rsquo;\u00e9quipement et de l&rsquo;agriculture : <strong>\u00ab \u00e0 l&rsquo;unanimit\u00e9 la pr\u00e9servation du massif forestier passera par la r\u00e9introduction d&rsquo;activit\u00e9s humaines (sylvo-agro-pastoralisme)<\/strong> <strong>\u00bb<\/strong> <a class=\"lienExterieur\" href=\"..\/..\/documents\/CP_20030915.pdf\" target=\"_blank\" rel=\"noopener\"><img loading=\"lazy\" class=\"alignnone size-full wp-image-259\" src=\"http:\/\/www.maures-developpement.fr\/wp-content\/uploads\/2019\/02\/icone_pdf.gif\" alt=\"\" width=\"20\" height=\"20\"><\/a><br><strong>20\/03<\/strong> : <strong>Assembl\u00e9e G\u00e9n\u00e9rale ordinaire<\/strong> <a class=\"lienExterieur\" href=\"..\/..\/documents\/032003 PV AGO.pdf\" target=\"_blank\" rel=\"noopener\"><img loading=\"lazy\" class=\"alignnone size-full wp-image-259\" src=\"http:\/\/www.maures-developpement.fr\/wp-content\/uploads\/2019\/02\/icone_pdf.gif\" alt=\"\" width=\"20\" height=\"20\"><\/a><br><strong>27\/11<\/strong> : <strong>Assembl\u00e9e G\u00e9n\u00e9rale Ordinaire<\/strong> au Cannet des Maures (projet de cr\u00e9ation d&rsquo;un Conseil de d\u00e9veloppement\/ \u00e9volution de l&rsquo;association\/ Syndicat Mixte\/ position et avancement du projet). <a class=\"lienExterieur\" href=\"..\/..\/documents\/032711 PV AGAPPM.pdf\" target=\"_blank\" rel=\"noopener\"><img loading=\"lazy\" class=\"alignnone size-full wp-image-259\" src=\"http:\/\/www.maures-developpement.fr\/wp-content\/uploads\/2019\/02\/icone_pdf.gif\" alt=\"\" width=\"20\" height=\"20\"><\/a><\/p>\n<p><span style=\"text-decoration: underline;\"><strong>2004<\/strong> <\/span>:<br><strong>18\/02<\/strong> : <strong>Assembl\u00e9e G\u00e9n\u00e9rale Ordinaire<\/strong> au Cannet des Maures : cr\u00e9ation du Syndicat mixte, de la Charte et du Conseil de d\u00e9veloppement de l&rsquo;APPM <a class=\"lienExterieur\" href=\"..\/..\/documents\/041802 PV AGO APPM.pdf\" target=\"_blank\" rel=\"noopener\"><img loading=\"lazy\" class=\"alignnone size-full wp-image-259\" src=\"http:\/\/www.maures-developpement.fr\/wp-content\/uploads\/2019\/02\/icone_pdf.gif\" alt=\"\" width=\"20\" height=\"20\"><\/a><br><strong>23\/07<\/strong> : <strong>Assembl\u00e9e G\u00e9n\u00e9rale Ordinaire<\/strong> au Cannet des Maures : modification du p\u00e9rim\u00e8tre de cr\u00e9ation du Syndicat mixte du Pays des Maures. <a class=\"lienExterieur\" href=\"..\/..\/documents\/042307 PV AG APPM.pdf\" target=\"_blank\" rel=\"noopener\"><img loading=\"lazy\" class=\"alignnone size-full wp-image-259\" src=\"http:\/\/www.maures-developpement.fr\/wp-content\/uploads\/2019\/02\/icone_pdf.gif\" alt=\"\" width=\"20\" height=\"20\"><\/a><br>Septembre : <strong>Article JMC\/Revue \u00ab Centraliens \u00bb N\u00b0556 : \u00ab Le massif des Maures, un territoire \u00e0 enjeux pour un d\u00e9veloppement durable \u00bb.<\/strong><br><strong>15\/12<\/strong> :<strong> Assembl\u00e9e G\u00e9n\u00e9rale Ordinaire<\/strong> au Cannet des Maures : adh\u00e9sion des Communes au Syndicat mixte. <a class=\"lienExterieur\" href=\"..\/..\/documents\/041512 PV AGO.pdf\" target=\"_blank\" rel=\"noopener\"><img loading=\"lazy\" class=\"alignnone size-full wp-image-259\" src=\"http:\/\/www.maures-developpement.fr\/wp-content\/uploads\/2019\/02\/icone_pdf.gif\" alt=\"\" width=\"20\" height=\"20\"><\/a><\/p>\n<p><span style=\"text-decoration: underline;\"><strong>2005<\/strong><\/span> :<br><strong>09\/03<\/strong> : <strong>Assembl\u00e9e G\u00e9n\u00e9rale Ordinaire<\/strong><br><strong>Note JMC\/SL du 10\/05<\/strong> <a class=\"lienExterieur\" href=\"..\/..\/documents\/050903 PV AGO.pdf\" target=\"_blank\" rel=\"noopener\"><img loading=\"lazy\" class=\"alignnone size-full wp-image-259\" src=\"http:\/\/www.maures-developpement.fr\/wp-content\/uploads\/2019\/02\/icone_pdf.gif\" alt=\"\" width=\"20\" height=\"20\"><\/a><br><strong>28\/06<\/strong> : <strong>Assembl\u00e9e G\u00e9n\u00e9rale Ordinaire<\/strong> \u00e0 Grimaud : pr\u00e9sentation du projet de d\u00e9veloppement du Pays des Maures. <a class=\"lienExterieur\" href=\"..\/..\/documents\/052806 PV AG.pdf\" target=\"_blank\" rel=\"noopener\"><img loading=\"lazy\" class=\"alignnone size-full wp-image-259\" src=\"http:\/\/www.maures-developpement.fr\/wp-content\/uploads\/2019\/02\/icone_pdf.gif\" alt=\"\" width=\"20\" height=\"20\"><\/a> <a class=\"lienExterieur\" href=\"..\/..\/documents\/052806 PVCRAG.pdf\" target=\"_blank\" rel=\"noopener\"><img loading=\"lazy\" class=\"alignnone size-full wp-image-259\" src=\"http:\/\/www.maures-developpement.fr\/wp-content\/uploads\/2019\/02\/icone_pdf.gif\" alt=\"\" width=\"20\" height=\"20\"><\/a><\/p>\n<p><span style=\"text-decoration: underline;\"><strong>2006<\/strong><\/span> :<br><strong>14\/03<\/strong> : <strong>Note de Sylvain Masson\/ Jean Michel Couve \u00ab P\u00f4le d&rsquo;excellence rurale du Pays des Maures et du Golfe de Saint Tropez<\/strong><a class=\"lienExterieur\" href=\"..\/..\/documents\/PoleExelence_20061314.pdf\" target=\"_blank\" rel=\"noopener\"> \u00bb<img loading=\"lazy\" class=\"alignnone size-full wp-image-259\" src=\"http:\/\/www.maures-developpement.fr\/wp-content\/uploads\/2019\/02\/icone_pdf.gif\" alt=\"\" width=\"20\" height=\"20\"><\/a><br><strong>19\/10<\/strong> : <strong>Assembl\u00e9e G\u00e9n\u00e9rale Ordinaire<\/strong> au Cannet des Maures, projet de <strong>P\u00f4le d&rsquo;excellence rurale du Pays des Maures et du Golfe de Saint Tropez <\/strong>. <a class=\"lienExterieur\" href=\"..\/..\/documents\/061910 PV AG.pdf\" target=\"_blank\" rel=\"noopener\"><img loading=\"lazy\" class=\"alignnone size-full wp-image-259\" src=\"http:\/\/www.maures-developpement.fr\/wp-content\/uploads\/2019\/02\/icone_pdf.gif\" alt=\"\" width=\"20\" height=\"20\"><\/a><\/p>\n<p><span style=\"text-decoration: underline;\"><strong>2007<\/strong><\/span> :<br><strong>22\/03<\/strong> : <strong>Assembl\u00e9e G\u00e9n\u00e9rale Ordinaire<\/strong> au Cannet des Maures : pr\u00e9sentation du projet de Pays\/ intervention du cabinet <strong> \u00ab <\/strong>Compagnie Europ\u00e9enne d&rsquo;intelligence Strat\u00e9gique <strong>\u00bb<\/strong> (CEIS-Paris) <a class=\"lienExterieur\" href=\"..\/..\/documents\/072203 PV AGO APPM.pdf\" target=\"_blank\" rel=\"noopener\"><img loading=\"lazy\" class=\"alignnone size-full wp-image-259\" src=\"http:\/\/www.maures-developpement.fr\/wp-content\/uploads\/2019\/02\/icone_pdf.gif\" alt=\"\" width=\"20\" height=\"20\"><\/a><br><strong>04\/10<\/strong> : <strong>Assembl\u00e9e G\u00e9n\u00e9rale Ordinaire<\/strong> au Luc en Provence : pr\u00e9figuration du Pays des Maures, intervention des cabinets CEIS et SDP Conseil (St\u00e9phane de Poncins). <a class=\"lienExterieur\" href=\"..\/..\/documents\/070410 PV AG0.pdf\" target=\"_blank\" rel=\"noopener\"><img loading=\"lazy\" class=\"alignnone size-full wp-image-259\" src=\"http:\/\/www.maures-developpement.fr\/wp-content\/uploads\/2019\/02\/icone_pdf.gif\" alt=\"\" width=\"20\" height=\"20\"><\/a><\/p>\n<p><span style=\"text-decoration: underline;\"><strong>2008<\/strong> <\/span>:<br><strong>06\/06<\/strong> : <strong>Assembl\u00e9e G\u00e9n\u00e9rale Ordinaire<\/strong> \u00e0 Grimaud\/ finalisation du dossier <strong>projet de pr\u00e9figuration du Pays des Maures (CEIS et SDP)<\/strong> : pr\u00e9sentation avant d\u00e9p\u00f4t en Pr\u00e9fectures (Var,R\u00e9gion) et Conseils G\u00e9n\u00e9ral et R\u00e9gional <a class=\"lienExterieur\" href=\"..\/..\/documents\/080606 PV AG.pdf\" target=\"_blank\" rel=\"noopener\"><img loading=\"lazy\" class=\"alignnone size-full wp-image-259\" src=\"http:\/\/www.maures-developpement.fr\/wp-content\/uploads\/2019\/02\/icone_pdf.gif\" alt=\"\" width=\"20\" height=\"20\"><\/a><br>&#8211; la charte du Pays : <a class=\"lienExterieur\" href=\"..\/..\/documents\/Charte APPM Charte 20062008.pdf\" target=\"_blank\" rel=\"noopener\"><img loading=\"lazy\" class=\"alignnone size-full wp-image-259\" src=\"http:\/\/www.maures-developpement.fr\/wp-content\/uploads\/2019\/02\/icone_pdf.gif\" alt=\"\" width=\"20\" height=\"20\"><\/a><br>&#8211; le diagnostic du Pays : <a class=\"lienExterieur\" href=\"..\/..\/documents\/Charte APPM Diagnostic 20062008.pdf\" target=\"_blank\" rel=\"noopener\"><img loading=\"lazy\" class=\"alignnone size-full wp-image-259\" src=\"http:\/\/www.maures-developpement.fr\/wp-content\/uploads\/2019\/02\/icone_pdf.gif\" alt=\"\" width=\"20\" height=\"20\"><\/a><br>&#8211; la m\u00e9thodologie : <a class=\"lienExterieur\" href=\"..\/..\/documents\/Charte APPM Methodologie 200608.pdf\" target=\"_blank\" rel=\"noopener\"><img loading=\"lazy\" class=\"alignnone size-full wp-image-259\" src=\"http:\/\/www.maures-developpement.fr\/wp-content\/uploads\/2019\/02\/icone_pdf.gif\" alt=\"\" width=\"20\" height=\"20\"><\/a><br>&#8211; l&rsquo;organisation du Pays : <a class=\"lienExterieur\" href=\"..\/..\/documents\/Charte APPM Organisation 20062008.pdf\" target=\"_blank\" rel=\"noopener\"><img loading=\"lazy\" class=\"alignnone size-full wp-image-259\" src=\"http:\/\/www.maures-developpement.fr\/wp-content\/uploads\/2019\/02\/icone_pdf.gif\" alt=\"\" width=\"20\" height=\"20\"><\/a><br><strong>14\/11<\/strong> : <strong>Assembl\u00e9e G\u00e9n\u00e9rale Ordinaire<\/strong> \u00e0 Grimaud : projet de cr\u00e9ation d&rsquo;un site promotionnel de territoire <strong>Latitude Gallimard<\/strong>. <a class=\"lienExterieur\" href=\"..\/..\/documents\/081411 PV AG APPM.pdf\" target=\"_blank\" rel=\"noopener\"><img loading=\"lazy\" class=\"alignnone size-full wp-image-259\" src=\"http:\/\/www.maures-developpement.fr\/wp-content\/uploads\/2019\/02\/icone_pdf.gif\" alt=\"\" width=\"20\" height=\"20\"><\/a><\/p>\n<p><span style=\"text-decoration: underline;\"><strong>2009<\/strong> <\/span>:<br><strong>03\/07<\/strong> : <strong>Assembl\u00e9e G\u00e9n\u00e9rale Ordinaire<\/strong> \u00e0 Grimaud : abandon du projet de <strong> \u00ab <\/strong>Pays<strong> \u00bb<\/strong>, en raison de l&rsquo;abrogation des dispositions l\u00e9gislatives autorisant la cr\u00e9ation de nouveaux Pays <a class=\"lienExterieur\" href=\"..\/..\/documents\/090307 PV AG0.pdf\" target=\"_blank\" rel=\"noopener\"><img loading=\"lazy\" class=\"alignnone size-full wp-image-259\" src=\"http:\/\/www.maures-developpement.fr\/wp-content\/uploads\/2019\/02\/icone_pdf.gif\" alt=\"\" width=\"20\" height=\"20\"><\/a><br><strong>18\/12<\/strong> : <strong>Assembl\u00e9e G\u00e9n\u00e9rale Ordinaire <\/strong> \u00e0 Cogolin. <a class=\"lienExterieur\" href=\"..\/..\/documents\/091812 PV AG.pdf\" target=\"_blank\" rel=\"noopener\"><img loading=\"lazy\" class=\"alignnone size-full wp-image-259\" src=\"http:\/\/www.maures-developpement.fr\/wp-content\/uploads\/2019\/02\/icone_pdf.gif\" alt=\"\" width=\"20\" height=\"20\"><\/a><\/p>\n<p>1\/ <strong>APPM<\/strong> modifie ses objectifs et r\u00e9forme ses statuts. Elle devient \u00ab<strong> Association pour un Projet de D\u00e9veloppement Durable du Territoire des Maures<\/strong> \u00bb (APDDTM ).<br>Le projet :<br>&#8211; pr\u00e9servation des massifs forestiers par leur revitalisation (sylvo-agro-pastoralisme)<br>&#8211; sch\u00e9ma de d\u00e9veloppement durable de tourisme, liant la mer, le littoral, le massif et les plaines agricoles<br>&#8211; cr\u00e9ation, en Centre Var, d&rsquo;un P\u00f4le \u00e9conomique et de Formations sup\u00e9rieures \u00e0 l&rsquo;environnement m\u00e9diterran\u00e9en.<\/p>\n<p>2\/ <strong>Prise en compte de la co-signature par 24 Communes de la \u00ab Charte foresti\u00e8re du Massif des Maures \u00bb<\/strong> :<br>&#8211; D\u00e9fense contre les incendies<br>&#8211; Am\u00e9nagement des sites sylvo-agro-pastoraux<br>&#8211; D\u00e9veloppement des fili\u00e8res \u00ab\u00a0bois-\u00e9nergie et le li\u00e8ge\u00a0\u00bb<br>&#8211; Accueil des publics<\/p>\n<p>3\/ <strong>Lancement du site Internet promotionnel<\/strong> <em><strong> \u00ab Maures.latitude.gallimard.com<\/strong><\/em><strong> \u00bb<\/strong> r\u00e9alis\u00e9 par la Soci\u00e9t\u00e9 Gallimard et port\u00e9 par APDDTM<\/p>\n<p><span style=\"text-decoration: underline;\"><strong>2010<\/strong> <\/span>:<br><strong>22\/04<\/strong> : <strong>Assembl\u00e9e G\u00e9n\u00e9rale ordinaire<\/strong> \u00e0 Sainte Maxime\/ Saint Donnat : pr\u00e9sentation publique du film <em><strong> \u00ab<\/strong><\/em> <em><strong>Pour que vivent les Maures<\/strong><\/em><strong> \u00bb<\/strong> r\u00e9alis\u00e9 par <strong>Jean Pierre Pustienne<\/strong> et coproduit par APDDTM\/Gallimard\/P\u00f4le d&rsquo;excellence rurale <a class=\"lienExterieur\" href=\"..\/..\/documents\/102204 PV AG APPDDTM.pdf\" target=\"_blank\" rel=\"noopener\"><img loading=\"lazy\" class=\"alignnone size-full wp-image-259\" src=\"http:\/\/www.maures-developpement.fr\/wp-content\/uploads\/2019\/02\/icone_pdf.gif\" alt=\"\" width=\"20\" height=\"20\"><\/a><br><strong>14\/10<\/strong> : <strong>Assembl\u00e9e G\u00e9n\u00e9rale Ordinaire<\/strong> au Cannet des Maures : lancement des \u00e9tudes pour :<br>&#8211; le p\u00f4le \u00e9conomique<br>&#8211; le Centre environnemental<br>&#8211; le projet du d\u00e9veloppement durable du tourisme<br>&#8211; l&rsquo;ouverture de l&rsquo;association aux citoyens <a class=\"lienExterieur\" href=\"..\/..\/documents\/101510 bisPV _2_.pdf\" target=\"_blank\" rel=\"noopener\"><img loading=\"lazy\" class=\"alignnone size-full wp-image-259\" src=\"http:\/\/www.maures-developpement.fr\/wp-content\/uploads\/2019\/02\/icone_pdf.gif\" alt=\"\" width=\"20\" height=\"20\"><\/a><\/p><\/div>\n\t\t\t\t<\/div>\n\t\t\t\t\t\t\t<div class=\"elementor-accordion-item\">\n\t\t\t\t\t<div id=\"elementor-tab-title-7373\" class=\"elementor-tab-title\" data-tab=\"3\" role=\"tab\" aria-controls=\"elementor-tab-content-7373\" aria-expanded=\"false\">\n\t\t\t\t\t\t\t\t\t\t\t\t\t<span class=\"elementor-accordion-icon elementor-accordion-icon-left\" aria-hidden=\"true\">\n\t\t\t\t\t\t\t\t\t\t\t\t\t\t\t<span class=\"elementor-accordion-icon-closed\"><i class=\"fas fa-plus\"><\/i><\/span>\n\t\t\t\t\t\t\t\t<span class=\"elementor-accordion-icon-opened\"><i class=\"fas fa-minus\"><\/i><\/span>\n\t\t\t\t\t\t\t\t\t\t\t\t\t\t<\/span>\n\t\t\t\t\t\t\t\t\t\t\t\t<a class=\"elementor-accordion-title\" href=\"\">2011 - 2017 :  De l\u2019 \u00ab <strong>Association pour un projet de d\u00e9veloppement durable du territoire des Maures<\/strong> \u00bb \u00e0 l\u2019association \u00ab <strong>Maures D\u00e9veloppement Durable<\/strong> \u00bb.<\/a>\n\t\t\t\t\t<\/div>\n\t\t\t\t\t<div id=\"elementor-tab-content-7373\" class=\"elementor-tab-content elementor-clearfix\" data-tab=\"3\" role=\"tabpanel\" aria-labelledby=\"elementor-tab-title-7373\"><p><span style=\"text-decoration: underline;\"><strong>2011<\/strong> <\/span>:<br \/><strong>06\/05<\/strong> :<strong> Assembl\u00e9e G\u00e9n\u00e9rale Ordinaire<\/strong> au Cannet des Maures : questions sur l&rsquo;\u00e9volution de la composition de l&rsquo;Association et son fonctionnement <a class=\"lienExterieur\" href=\"..\/..\/documents\/110605 PV 06052011.pdf\" target=\"_blank\" rel=\"noopener\"><img loading=\"lazy\" class=\"alignnone size-full wp-image-259\" src=\"http:\/\/www.maures-developpement.fr\/wp-content\/uploads\/2019\/02\/icone_pdf.gif\" alt=\"\" width=\"20\" height=\"20\" \/><\/a><br \/><strong>14\/06 : 1er Forum d\u2019APDDTM \u00e0 Cavalaire<\/strong><br \/>Dans le cadre de <em><strong> \u00ab<\/strong><\/em> l&rsquo;ann\u00e9e internationale de la for\u00eat \u00bb (initi\u00e9e par l&rsquo;ONU) et sur le th\u00e8me \u00ab <em><strong>Des for\u00eats de la M\u00e9diterran\u00e9e au territoire des Maures <\/strong><\/em>\u00bb<br \/><strong>16\/06<\/strong> : projection du film \u00ab <em><strong>pour que vivent les Maures<\/strong><\/em>\u00a0\u00bb \u00e0 l&rsquo;Assembl\u00e9e Nationale \u00ab salle Colbert \u00bb, en pr\u00e9sence des membres de l&rsquo;association \u00ab les Varois de Paris \u00bb<br \/><strong>23\/09<\/strong> : <strong>Assembl\u00e9e G\u00e9n\u00e9rale Ordinaire<\/strong> au Cannet des Maures : \u00e9vocation d\u2019une r\u00e9forme des statuts, subvention d&rsquo;Etat. <a class=\"lienExterieur\" href=\"..\/..\/documents\/AGO_20110923.pdf\" target=\"_blank\" rel=\"noopener\"><img loading=\"lazy\" class=\"alignnone size-full wp-image-259\" src=\"http:\/\/www.maures-developpement.fr\/wp-content\/uploads\/2019\/02\/icone_pdf.gif\" alt=\"\" width=\"20\" height=\"20\" \/><\/a><br \/><strong>02\/12<\/strong> : <strong>Assembl\u00e9e G\u00e9n\u00e9rale Mixte<\/strong> \u00e0 Cavalaire : <a class=\"lienExterieur\" href=\"..\/..\/documents\/110212 AG MIXTE 05122011 SIGNEE 1.pdf\" target=\"_blank\" rel=\"noopener\"><img loading=\"lazy\" class=\"alignnone size-full wp-image-259\" src=\"http:\/\/www.maures-developpement.fr\/wp-content\/uploads\/2019\/02\/icone_pdf.gif\" alt=\"\" width=\"20\" height=\"20\" \/><\/a><br \/>1- <strong>Assembl\u00e9e G\u00e9n\u00e9rale Extraordinaire<\/strong> : nouvelle r\u00e9forme des statuts, pour une ouverture de l&rsquo;association aux citoyens, un renforcement du Conseil d&rsquo;Administration, un changement des pratiques et le transfert du si\u00e8ge social (de la Garde Freinet \u00e0 Saint Tropez).<br \/>2- <strong>Assembl\u00e9e G\u00e9n\u00e9rale Ordinaire<\/strong> : Compte rendu de la mission d&rsquo;appui d&rsquo;<strong>Herv\u00e9 Passamar<\/strong>, charg\u00e9 de mission.<\/p><p><span style=\"text-decoration: underline;\"><strong>2012<\/strong> <\/span>:<br \/><strong>16\/04<\/strong> : <strong>Assembl\u00e9e G\u00e9n\u00e9rale Ordinaire<\/strong> au Cannet des Maures : Lancement des \u00e9tudes Tourisme- P\u00f4le environnement- \u00ab G\u00e9oparc \u00bb <a class=\"lienExterieur\" href=\"..\/..\/documents\/121604 AG 042012.pdf\" target=\"_blank\" rel=\"noopener\"><img loading=\"lazy\" class=\"alignnone size-full wp-image-259\" src=\"http:\/\/www.maures-developpement.fr\/wp-content\/uploads\/2019\/02\/icone_pdf.gif\" alt=\"\" width=\"20\" height=\"20\" \/><\/a><br \/><strong>23\/05<\/strong> : <strong>Assembl\u00e9e G\u00e9n\u00e9rale Ordinaire<\/strong> au Cannet des Maures : avancement des travaux sur les diff\u00e9rentes \u00e9tudes (environnement et formations sup\u00e9rieures, sch\u00e9ma d&rsquo;un tourisme durable, projet du p\u00f4le \u00e9conomique \u00ab C\u0153ur du Var \u00bb et projet de cr\u00e9ation d&rsquo;un G\u00e9oparc). <a class=\"lienExterieur\" href=\"..\/..\/documents\/122305 PV AG.pdf\" target=\"_blank\" rel=\"noopener\"><img loading=\"lazy\" class=\"alignnone size-full wp-image-259\" src=\"http:\/\/www.maures-developpement.fr\/wp-content\/uploads\/2019\/02\/icone_pdf.gif\" alt=\"\" width=\"20\" height=\"20\" \/><\/a><br \/>26\/06 : <strong>Assembl\u00e9e G\u00e9n\u00e9rale Ordinaire<\/strong> au Cannet des Maures : pr\u00e9sentation des rapports : <a class=\"lienExterieur\" href=\"..\/..\/documents\/122606 PV AG.pdf\" target=\"_blank\" rel=\"noopener\"><img loading=\"lazy\" class=\"alignnone size-full wp-image-259\" src=\"http:\/\/www.maures-developpement.fr\/wp-content\/uploads\/2019\/02\/icone_pdf.gif\" alt=\"\" width=\"20\" height=\"20\" \/><\/a><br \/>1\/ projet de P\u00f4le \u00e9conomique en \u00ab Coeur du Var \u00bb par <strong>J.Y Buffard<\/strong> (SARL JYB consultant)<br \/>2\/fili\u00e8res de d\u00e9veloppement environnementales, formations sup\u00e9rieures et professionnelles, par <strong>J.Y Buffard<\/strong><br \/>3\/ \u00ab <em>Sch\u00e9ma d&rsquo;un tourisme durable pour le territoire des Maures<\/em> \u00bb par<strong> G. Castagne<\/strong> (B.D.R.H Conseil)<br \/>4\/ \u00ab <em>Bases argumentaires d&rsquo;un classement G\u00e9oparc des Maures \u00e0 l&rsquo;UNESCO<\/em> \u00bb par <strong>Guy Martini<\/strong><br \/><strong>27\/07<\/strong> : <strong>Assembl\u00e9e G\u00e9n\u00e9rale Ordinaire<\/strong> au Plan de la Tour : perspectives 2013 avec pr\u00e9sentation du rapport d&rsquo;<strong>Herv\u00e9 Passamar<\/strong> <a class=\"lienExterieur\" href=\"..\/..\/documents\/122707 PV AG.pdf\" target=\"_blank\" rel=\"noopener\"><img loading=\"lazy\" class=\"alignnone size-full wp-image-259\" src=\"http:\/\/www.maures-developpement.fr\/wp-content\/uploads\/2019\/02\/icone_pdf.gif\" alt=\"\" width=\"20\" height=\"20\" \/><\/a><br \/><strong>29\/12<\/strong> : <strong>Assembl\u00e9e G\u00e9n\u00e9rale Extraordinaire<\/strong> au Cannet des Maures : R\u00e9forme des statuts.<br \/><strong>APDDTM<\/strong> devient \u00ab <em><strong>Maures D\u00e9veloppement Durable<\/strong><\/em> \u00bb ( M.D.D) avec un nouvel objectif , le label \u00ab <strong>UNESCO-GEOPARC DES MAURES<\/strong> \u00bb <a class=\"lienExterieur\" href=\"..\/..\/documents\/122911 AGO 29112012.pdf\" target=\"_blank\" rel=\"noopener\"><img loading=\"lazy\" class=\"alignnone size-full wp-image-259\" src=\"http:\/\/www.maures-developpement.fr\/wp-content\/uploads\/2019\/02\/icone_pdf.gif\" alt=\"\" width=\"20\" height=\"20\" \/><\/a><\/p><p><span style=\"text-decoration: underline;\"><strong>2013<\/strong> <\/span>:<br \/><span style=\"text-decoration: underline;\"><strong>Assembl\u00e9e G\u00e9n\u00e9rale MIXTE<\/strong><\/span> : le 31\/05 \u00e0 la Garde Freinet <a class=\"lienExterieur\" href=\"..\/..\/documents\/133105 AG MIXTE 31052013.pdf\" target=\"_blank\" rel=\"noopener\"><img loading=\"lazy\" class=\"alignnone size-full wp-image-259\" src=\"http:\/\/www.maures-developpement.fr\/wp-content\/uploads\/2019\/02\/icone_pdf.gif\" alt=\"\" width=\"20\" height=\"20\" \/><\/a><br \/><strong>Assembl\u00e9e G\u00e9n\u00e9rale Extraordinaire<\/strong> : approbation de modification des statuts, selon la proposition \u00e9labor\u00e9e lors de l&rsquo;AGE du 26\/06\/2012<br \/><strong>Assembl\u00e9e G\u00e9n\u00e9rale Ordinaire<\/strong> : poursuite des r\u00e9unions de sensibilisation\/ lancement des appels d&rsquo;offre pour les modifications du site Internet\/ suivi du d\u00e9roulement des \u00e9tudes\/ promotion, communication\/ recherche de financement.<\/p><p><strong>07\/06 : 2\u00e8me Forum de l\u2019association \u00e0 Cavalaire<\/strong><br \/>-Th\u00e8me \u00ab Pour un projet de d\u00e9veloppement durable du territoire des Maures : entre mer et terroirs \u00bb<br \/>-Pr\u00e9sentation de la plaquette : <em><strong>\u00ab Pour un d\u00e9veloppement durable du territoire des Maures<\/strong><\/em>\u00a0\u00bb<\/p><p><strong>Conseils d&rsquo;administration<\/strong> :<br \/><strong>18\/10<\/strong> : Plan de la Tour <a class=\"lienExterieur\" href=\"..\/..\/documents\/131810 PV CA.pdf\" target=\"_blank\" rel=\"noopener\"><img loading=\"lazy\" class=\"alignnone size-full wp-image-259\" src=\"http:\/\/www.maures-developpement.fr\/wp-content\/uploads\/2019\/02\/icone_pdf.gif\" alt=\"\" width=\"20\" height=\"20\" \/><\/a><br \/><strong>19\/12<\/strong> : Golf de Vidauban : recrutement de <strong>F.Martos<\/strong>, charg\u00e9 de mission mi-temps <a class=\"lienExterieur\" href=\"..\/..\/documents\/131912 PV CA.pdf\" target=\"_blank\" rel=\"noopener\"><img loading=\"lazy\" class=\"alignnone size-full wp-image-259\" src=\"http:\/\/www.maures-developpement.fr\/wp-content\/uploads\/2019\/02\/icone_pdf.gif\" alt=\"\" width=\"20\" height=\"20\" \/><\/a><\/p><p><span style=\"text-decoration: underline;\"><strong>2014<\/strong> <\/span>:<br \/>Septembre : rencontre avec le DGS du Conseil G\u00e9n\u00e9ral\/ mise \u00e0 disposition on\u00e9reuse de F.Martos, pour 6 mois.<\/p><p><strong>Octobre<\/strong> :<br \/>&#8211; rencontre avec <strong>Jean Marc Lardeaux<\/strong> et <strong>Michel Corsini<\/strong> du laboratoire GEOAZUR\/ Sophia Antipolis.<br \/>&#8211; rencontre avec <strong>Guillaume Sellier<\/strong>, Directeur du Parc National de Port Cros\/ accord de principe pour un partenariat avec MDD<\/p><p><strong>12 D\u00e9cembre<\/strong>\/ <strong>Les Jardins du Rayol<\/strong> :<br \/>&#8211; <strong>Conseil d&rsquo;Administration et Assembl\u00e9e G\u00e9n\u00e9rale Ordinaire<\/strong> : perspectives d&rsquo;actions pour 2015 <a class=\"lienExterieur\" href=\"..\/..\/documents\/141212 PV CA.pdf\" target=\"_blank\" rel=\"noopener\"><img loading=\"lazy\" class=\"alignnone size-full wp-image-259\" src=\"http:\/\/www.maures-developpement.fr\/wp-content\/uploads\/2019\/02\/icone_pdf.gif\" alt=\"\" width=\"20\" height=\"20\" \/><\/a> <a class=\"lienExterieur\" href=\"..\/..\/documents\/141212 PV AG.pdf\" target=\"_blank\" rel=\"noopener\"><img loading=\"lazy\" class=\"alignnone size-full wp-image-259\" src=\"http:\/\/www.maures-developpement.fr\/wp-content\/uploads\/2019\/02\/icone_pdf.gif\" alt=\"\" width=\"20\" height=\"20\" \/><\/a><\/p><p><span style=\"text-decoration: underline;\"><strong>2015<\/strong> <\/span>:<br \/><strong>23\/01<\/strong> : <strong>Conseil d&rsquo;administration<\/strong> au Cannet des Maures <a class=\"lienExterieur\" href=\"..\/..\/documents\/152301 CR 23 01 2015.pdf\" target=\"_blank\" rel=\"noopener\"><img loading=\"lazy\" class=\"alignnone size-full wp-image-259\" src=\"http:\/\/www.maures-developpement.fr\/wp-content\/uploads\/2019\/02\/icone_pdf.gif\" alt=\"\" width=\"20\" height=\"20\" \/><\/a><br \/><strong>24\/04<\/strong> : <strong>Conseil d&rsquo;administration<\/strong> au Cannet des Maures<br \/><strong>25\/05<\/strong> : Rapport de Mrs JM Lardeaux et M Corsini \u00ab G\u00e9oparc sur le massif des Maures, contribution au dossier de faisabilit\u00e9 \u00bb. cf biblioth\u00e8que<br \/><strong>18\/12<\/strong> :<br \/>&#8211; <strong>Conseil d&rsquo;administration<\/strong> au Cannet des Maures. <a class=\"lienExterieur\" href=\"..\/..\/documents\/151812 PV CA.pdf\" target=\"_blank\" rel=\"noopener\"><img loading=\"lazy\" class=\"alignnone size-full wp-image-259\" src=\"http:\/\/www.maures-developpement.fr\/wp-content\/uploads\/2019\/02\/icone_pdf.gif\" alt=\"\" width=\"20\" height=\"20\" \/><\/a><br \/>&#8211; Relations avec le <strong>Conseil G\u00e9n\u00e9ral<\/strong> et le <strong>Syndicat Mixte des Maures.<\/strong><br \/>&#8211; Conventions avec l&rsquo;UTLN, le <strong>laboratoire GEOAZUR<\/strong> et le <strong>Syndicat Mixte de Haute Provence<\/strong>.<br \/>&#8211; Partenariats priv\u00e9s avec les <strong>Centres LECLERC (SODILUC et SOCODAG)<\/strong> pour une participation financi\u00e8re de 10.000 euros<\/p><p><span style=\"text-decoration: underline;\"><strong>2016<\/strong> <\/span>:<br \/><strong>3 Juin : 3\u00e8me Forum de l&rsquo;Association M.D.D \u00e0 Grimaud.<\/strong><br \/>Le th\u00e8me : <em><strong>\u00ab L&rsquo;\u00e9tonnante et fabuleuse histoire des Maures. De son exception \u00e0 sa labellisation UNESCO-GEOPARC \u00bb<\/strong><\/em> t\u00e9l\u00e9chargement cl\u00e9 USB\/BM + photos JMC<br \/>&#8211; <strong>Assembl\u00e9e G\u00e9n\u00e9rale Extraordinaire<\/strong> : modification de l&rsquo;article 15 des statuts (r\u00e8gles financi\u00e8res et comptables).<br \/>&#8211; <strong>Assembl\u00e9e G\u00e9n\u00e9rale Ordinaire<\/strong> : Rapport d&rsquo;activit\u00e9s de l&rsquo;ann\u00e9e 2015\/ perspectives et budget 2016\/ partenariats en cours de r\u00e9alisation. <a class=\"lienExterieur\" href=\"..\/..\/documents\/160306 PV AGE AGO.pdf\" target=\"_blank\" rel=\"noopener\"><img loading=\"lazy\" class=\"alignnone size-full wp-image-259\" src=\"http:\/\/www.maures-developpement.fr\/wp-content\/uploads\/2019\/02\/icone_pdf.gif\" alt=\"\" width=\"20\" height=\"20\" \/><\/a><\/p><p><strong>27\/10<\/strong> : Au si\u00e8ge de <strong>la R\u00e9gion<\/strong>, rencontre avec l\u2019\u00e9quipe de Ch. Estrosi, pr\u00e9sident de PACA, pr\u00e9sentation du dossier \u00ab <strong>UNESCO-GEOPARC des Maures<\/strong>\u00a0\u00bb en pr\u00e9sence de <strong>Guy Martini, Pr\u00e9sident du Conseil Mondial des UNESCO-GEOPARCS<\/strong>.<\/p><p><span style=\"text-decoration: underline;\"><strong>2017<\/strong> <\/span>:<br \/><strong>31 Janvier<\/strong> :<strong> lettre de soutien de Christian Estrosi<\/strong>, Pr\u00e9sident de la <strong>R\u00e9gion<\/strong> PACA, au projet de MDD.<\/p><p><strong>30 Juin<\/strong> :<br \/>&#8211; <span style=\"text-decoration: underline;\"><strong>fin de mandat parlementaire de JM.Couve<\/strong><\/span>, Pr\u00e9sident de M.D.D.<br \/>&#8211; Suspension des travaux de l&rsquo;association.<\/p><\/div>\n\t\t\t\t<\/div>\n\t\t\t\t\t<\/div>\n\t\t\t\t<\/div>\n\t\t\t\t<\/div>\n\t\t\t\t\t\t<\/div>\n\t\t\t\t\t<\/div>\n\t\t<\/div>\n\t\t\t\t\t\t\t\t<\/div>\n\t\t\t\t\t<\/div>\n\t\t<\/section>\n\t\t\t\t\t\t<\/div>\n\t\t\t\t\t\t<\/div>\n\t\t\t\t\t<\/div>\n\t\t","protected":false},"excerpt":{"rendered":"<p>&#46;&#46;&#46;<\/p>\n","protected":false},"author":1,"featured_media":0,"parent":0,"menu_order":0,"comment_status":"closed","ping_status":"closed","template":"","meta":[],"_links":{"self":[{"href":"http:\/\/www.maures-developpement.fr\/index.php\/wp-json\/wp\/v2\/pages\/144"}],"collection":[{"href":"http:\/\/www.maures-developpement.fr\/index.php\/wp-json\/wp\/v2\/pages"}],"about":[{"href":"http:\/\/www.maures-developpement.fr\/index.php\/wp-json\/wp\/v2\/types\/page"}],"author":[{"embeddable":true,"href":"http:\/\/www.maures-developpement.fr\/index.php\/wp-json\/wp\/v2\/users\/1"}],"replies":[{"embeddable":true,"href":"http:\/\/www.maures-developpement.fr\/index.php\/wp-json\/wp\/v2\/comments?post=144"}],"version-history":[{"count":119,"href":"http:\/\/www.maures-developpement.fr\/index.php\/wp-json\/wp\/v2\/pages\/144\/revisions"}],"predecessor-version":[{"id":2368,"href":"http:\/\/www.maures-developpement.fr\/index.php\/wp-json\/wp\/v2\/pages\/144\/revisions\/2368"}],"wp:attachment":[{"href":"http:\/\/www.maures-developpement.fr\/index.php\/wp-json\/wp\/v2\/media?parent=144"}],"curies":[{"name":"wp","href":"https:\/\/api.w.org\/{rel}","templated":true}]}}